
{"id":4002,"date":"2021-03-06T03:01:35","date_gmt":"2021-03-06T02:01:35","guid":{"rendered":"https:\/\/tomaszdomanski.eu\/en\/?page_id=4002"},"modified":"2023-05-02T00:58:21","modified_gmt":"2023-05-01T22:58:21","slug":"organizing-rio-in-lodz","status":"publish","type":"page","link":"https:\/\/tomaszdomanski.eu\/en\/organizing-rio-in-lodz\/","title":{"rendered":"Portfolio | Organizing RIO in \u0141\u00f3d\u017a"},"content":{"rendered":"\t\t<div data-elementor-type=\"wp-page\" data-elementor-id=\"4002\" class=\"elementor elementor-4002\">\n\t\t\t\t\t\t<section class=\"elementor-section elementor-top-section elementor-element elementor-element-8b342e5 elementor-section-boxed elementor-section-height-default elementor-section-height-default\" data-id=\"8b342e5\" data-element_type=\"section\" data-e-type=\"section\">\n\t\t\t\t\t\t<div class=\"elementor-container elementor-column-gap-default\">\n\t\t\t\t\t<div class=\"elementor-column elementor-col-100 elementor-top-column elementor-element elementor-element-a8f81df\" data-id=\"a8f81df\" data-element_type=\"column\" data-e-type=\"column\">\n\t\t\t<div class=\"elementor-widget-wrap elementor-element-populated\">\n\t\t\t\t\t\t<div class=\"elementor-element elementor-element-ab0e0e7 elementor-widget elementor-widget-heading\" data-id=\"ab0e0e7\" data-element_type=\"widget\" data-e-type=\"widget\" data-widget_type=\"heading.default\">\n\t\t\t\t<div class=\"elementor-widget-container\">\n\t\t\t\t\t<h2 class=\"elementor-heading-title elementor-size-default\">Creation of the Regional Accounting Chamber in \u0141\u00f3d\u017a<\/h2>\t\t\t\t<\/div>\n\t\t\t\t<\/div>\n\t\t\t\t<div class=\"elementor-element elementor-element-e7e1676 elementor-widget elementor-widget-heading\" data-id=\"e7e1676\" data-element_type=\"widget\" data-e-type=\"widget\" data-widget_type=\"heading.default\">\n\t\t\t\t<div class=\"elementor-widget-container\">\n\t\t\t\t\t<h4 class=\"elementor-heading-title elementor-size-default\">Case study <\/h4>\t\t\t\t<\/div>\n\t\t\t\t<\/div>\n\t\t\t\t\t<\/div>\n\t\t<\/div>\n\t\t\t\t\t<\/div>\n\t\t<\/section>\n\t\t\t\t<section class=\"elementor-section elementor-top-section elementor-element elementor-element-6da4263 elementor-section-boxed elementor-section-height-default elementor-section-height-default\" data-id=\"6da4263\" data-element_type=\"section\" data-e-type=\"section\">\n\t\t\t\t\t\t<div class=\"elementor-container elementor-column-gap-default\">\n\t\t\t\t\t<div class=\"elementor-column elementor-col-100 elementor-top-column elementor-element elementor-element-341c47a\" data-id=\"341c47a\" data-element_type=\"column\" data-e-type=\"column\">\n\t\t\t<div class=\"elementor-widget-wrap elementor-element-populated\">\n\t\t\t\t\t\t<div class=\"elementor-element elementor-element-daefaf3 elementor-widget elementor-widget-text-editor\" data-id=\"daefaf3\" data-element_type=\"widget\" data-e-type=\"widget\" data-widget_type=\"text-editor.default\">\n\t\t\t\t<div class=\"elementor-widget-container\">\n\t\t\t\t\t\t\t\t\t<p style=\"text-align: justify;\">Regional accounting chambers were announced by the Act of March 8, 1990 on local government, but they were established only by the Act of October 7, 1992. In the following years, the activity of the chambers was also sanctioned in the Constitution of the Republic of Poland. Initially, there were seventeen of them, and since 2000 (after the administrative reform of the state) there are sixteen of them. The Regional Accounting Chamber in \u0141\u00f3d\u017a, together with three branches in Sieradz, Piotrk\u00f3w Trybunalski and Skierniewice, launched its activities at the turn of 1993 and 1994.\u00a0<\/p>\t\t\t\t\t\t\t\t<\/div>\n\t\t\t\t<\/div>\n\t\t\t\t\t<\/div>\n\t\t<\/div>\n\t\t\t\t\t<\/div>\n\t\t<\/section>\n\t\t\t\t<section class=\"elementor-section elementor-top-section elementor-element elementor-element-b1fc178 elementor-section-boxed elementor-section-height-default elementor-section-height-default\" data-id=\"b1fc178\" data-element_type=\"section\" data-e-type=\"section\">\n\t\t\t\t\t\t<div class=\"elementor-container elementor-column-gap-default\">\n\t\t\t\t\t<div class=\"elementor-column elementor-col-50 elementor-top-column elementor-element elementor-element-fa43ecc\" data-id=\"fa43ecc\" data-element_type=\"column\" data-e-type=\"column\">\n\t\t\t<div class=\"elementor-widget-wrap elementor-element-populated\">\n\t\t\t\t\t\t<div class=\"elementor-element elementor-element-19088aa elementor-widget elementor-widget-image\" data-id=\"19088aa\" data-element_type=\"widget\" data-e-type=\"widget\" data-widget_type=\"image.default\">\n\t\t\t\t<div class=\"elementor-widget-container\">\n\t\t\t\t\t\t\t\t\t\t\t\t\t\t\t<img fetchpriority=\"high\" decoding=\"async\" width=\"900\" height=\"900\" src=\"https:\/\/tomaszdomanski.eu\/en\/wp-content\/uploads\/2021\/03\/RIO-Lodz-logo.jpg\" class=\"attachment-full size-full wp-image-4247\" alt=\"\" srcset=\"https:\/\/tomaszdomanski.eu\/en\/wp-content\/uploads\/2021\/03\/RIO-Lodz-logo.jpg 900w, https:\/\/tomaszdomanski.eu\/en\/wp-content\/uploads\/2021\/03\/RIO-Lodz-logo-300x300.jpg 300w, https:\/\/tomaszdomanski.eu\/en\/wp-content\/uploads\/2021\/03\/RIO-Lodz-logo-150x150.jpg 150w, https:\/\/tomaszdomanski.eu\/en\/wp-content\/uploads\/2021\/03\/RIO-Lodz-logo-768x768.jpg 768w\" sizes=\"(max-width: 900px) 100vw, 900px\" \/>\t\t\t\t\t\t\t\t\t\t\t\t\t\t\t<\/div>\n\t\t\t\t<\/div>\n\t\t\t\t\t<\/div>\n\t\t<\/div>\n\t\t\t\t<div class=\"elementor-column elementor-col-50 elementor-top-column elementor-element elementor-element-2afd879\" data-id=\"2afd879\" data-element_type=\"column\" data-e-type=\"column\">\n\t\t\t<div class=\"elementor-widget-wrap elementor-element-populated\">\n\t\t\t\t\t\t<div class=\"elementor-element elementor-element-c77ed1e elementor-widget elementor-widget-text-editor\" data-id=\"c77ed1e\" data-element_type=\"widget\" data-e-type=\"widget\" data-widget_type=\"text-editor.default\">\n\t\t\t\t<div class=\"elementor-widget-container\">\n\t\t\t\t\t\t\t\t\t<p style=\"text-align: justify;\">I started organizing the activities of the Lodz Chamber as the manager of the Chamber&#8217;s Office. My tasks included technical preparation of the rented building, equipment of rooms, creation of organizational structures, development of procedures and management documentation, purchase and installation of a network IT system, as well as personnel and administrative matters related to maintaining the current activities of the Chamber. When I started its creation, I already had my first, pioneering experiences related to the creation of self-government structures in the new political reality. I participated in the restructuring of the City Hall in Aleksandr\u00f3w \u0141\u00f3dzki and performing other tasks related to the activities of organizational units of that municipality.\u00a0<\/p>\t\t\t\t\t\t\t\t<\/div>\n\t\t\t\t<\/div>\n\t\t\t\t\t<\/div>\n\t\t<\/div>\n\t\t\t\t\t<\/div>\n\t\t<\/section>\n\t\t\t\t<section class=\"elementor-section elementor-top-section elementor-element elementor-element-769ae29 elementor-section-boxed elementor-section-height-default elementor-section-height-default\" data-id=\"769ae29\" data-element_type=\"section\" data-e-type=\"section\">\n\t\t\t\t\t\t<div class=\"elementor-container elementor-column-gap-default\">\n\t\t\t\t\t<div class=\"elementor-column elementor-col-100 elementor-top-column elementor-element elementor-element-0b28125\" data-id=\"0b28125\" data-element_type=\"column\" data-e-type=\"column\">\n\t\t\t<div class=\"elementor-widget-wrap elementor-element-populated\">\n\t\t\t\t\t\t<div class=\"elementor-element elementor-element-6853a39 elementor-widget elementor-widget-heading\" data-id=\"6853a39\" data-element_type=\"widget\" data-e-type=\"widget\" data-widget_type=\"heading.default\">\n\t\t\t\t<div class=\"elementor-widget-container\">\n\t\t\t\t\t<h3 class=\"elementor-heading-title elementor-size-default\">Origin of Polish local government and financial supervision institutions<\/h3>\t\t\t\t<\/div>\n\t\t\t\t<\/div>\n\t\t\t\t<div class=\"elementor-element elementor-element-49c9ee2 elementor-widget elementor-widget-text-editor\" data-id=\"49c9ee2\" data-element_type=\"widget\" data-e-type=\"widget\" data-widget_type=\"text-editor.default\">\n\t\t\t\t<div class=\"elementor-widget-container\">\n\t\t\t\t\t\t\t\t\t<p style=\"text-align: justify;\">Local self-government appeared at the end of the 18th century in several European countries. Over the next two hundred years, it became a\u00a0common form of decentralized local authority in Western European countries. The institutions of Polish local government go back to the Middle Ages, but they were shaped in their modern form only in the years 1919-1939 and 1944-1950. After 1950, territorial self-government was abolished and replaced with a uniform, hierarchical system of state power. Attempts to restore local government were made in 1980-1981, but the real chance for its reactivation appeared only in June 1989. The process of restoring the institution of local self-government was launched on May 27, 1990, introducing several fundamental legal regulations. The Constitution of the Republic of Poland was amended and the acts on local government and the electoral law for commune councils were passed.<\/p>\t\t\t\t\t\t\t\t<\/div>\n\t\t\t\t<\/div>\n\t\t\t\t\t<\/div>\n\t\t<\/div>\n\t\t\t\t\t<\/div>\n\t\t<\/section>\n\t\t\t\t<section class=\"elementor-section elementor-top-section elementor-element elementor-element-2537edb elementor-section-boxed elementor-section-height-default elementor-section-height-default\" data-id=\"2537edb\" data-element_type=\"section\" data-e-type=\"section\">\n\t\t\t\t\t\t<div class=\"elementor-container elementor-column-gap-default\">\n\t\t\t\t\t<div class=\"elementor-column elementor-col-66 elementor-top-column elementor-element elementor-element-e385289\" data-id=\"e385289\" data-element_type=\"column\" data-e-type=\"column\">\n\t\t\t<div class=\"elementor-widget-wrap elementor-element-populated\">\n\t\t\t\t\t\t<div class=\"elementor-element elementor-element-0ad38ab elementor-widget elementor-widget-text-editor\" data-id=\"0ad38ab\" data-element_type=\"widget\" data-e-type=\"widget\" data-widget_type=\"text-editor.default\">\n\t\t\t\t<div class=\"elementor-widget-container\">\n\t\t\t\t\t\t\t\t\t<p style=\"text-align: justify;\">The term &#8220;chamber of accounts&#8221; was used for the first time in the 13th century in Paris, as the name of a college of several people responsible for controlling royal finances. By 1789, there were fourteen accounting chambers in France. The first Polish chamber operated in the years 1807-1866. It was the Main Accounting Chamber, established on the basis of the political assumptions formulated by Napoleon I in the Constitution of the Duchy of Warsaw of 1807. It gave rise to the history of modern financial control in our country. This administrative tradition was continued in various institutional forms during the partitions and in the Second Polish Republic. It was interrupted by the outbreak of World War II and the political model of the Polish People&#8217;s Republic introduced after it.\u00a0<\/p>\t\t\t\t\t\t\t\t<\/div>\n\t\t\t\t<\/div>\n\t\t\t\t<div class=\"elementor-element elementor-element-375e42d elementor-widget elementor-widget-heading\" data-id=\"375e42d\" data-element_type=\"widget\" data-e-type=\"widget\" data-widget_type=\"heading.default\">\n\t\t\t\t<div class=\"elementor-widget-container\">\n\t\t\t\t\t<h3 class=\"elementor-heading-title elementor-size-default\">Challenges\u200b<\/h3>\t\t\t\t<\/div>\n\t\t\t\t<\/div>\n\t\t\t\t<div class=\"elementor-element elementor-element-1bff2ad elementor-widget elementor-widget-text-editor\" data-id=\"1bff2ad\" data-element_type=\"widget\" data-e-type=\"widget\" data-widget_type=\"text-editor.default\">\n\t\t\t\t<div class=\"elementor-widget-container\">\n\t\t\t\t\t\t\t\t\t<p style=\"text-align: justify;\">The biggest challenge in organizing the Regional Accounting Chamber in \u0141\u00f3d\u017a was the need to create an efficient financial supervision institution from scratch over local government units that were gathering their first experience. In the situation of deep changes in the state system, insufficient and unstable legal regulations, as well as the lack of proven institutional models, it was an extremely pioneering undertaking, requiring the simultaneous coordination of many projects of a legal, organizational and technical nature.\u00a0<\/p><p style=\"text-align: justify;\">In 1990, self-governing communes and regions were established, equipping them with independence and responsibility for performing their own tasks. Their activity was conditioned on the one hand by effective internal control mechanisms, and on the other by independent and objective supervision carried out by regional accounting chambers. The chambers did not become an element of the institutional system of local government, but a specialized agency of state supervision.\u00a0<\/p>\t\t\t\t\t\t\t\t<\/div>\n\t\t\t\t<\/div>\n\t\t\t\t\t<\/div>\n\t\t<\/div>\n\t\t\t\t<div class=\"elementor-column elementor-col-33 elementor-top-column elementor-element elementor-element-d66706b\" data-id=\"d66706b\" data-element_type=\"column\" data-e-type=\"column\">\n\t\t\t<div class=\"elementor-widget-wrap elementor-element-populated\">\n\t\t\t\t\t\t<div class=\"elementor-element elementor-element-dc594c4 elementor-widget elementor-widget-image\" data-id=\"dc594c4\" data-element_type=\"widget\" data-e-type=\"widget\" data-widget_type=\"image.default\">\n\t\t\t\t<div class=\"elementor-widget-container\">\n\t\t\t\t\t\t\t\t\t\t\t\t<figure class=\"wp-caption\">\n\t\t\t\t\t\t\t\t\t\t\t<a href=\"https:\/\/tomaszdomanski.eu\/wp-content\/uploads\/2022\/05\/Region-Lodzki-01.jpg\" data-elementor-open-lightbox=\"yes\" data-elementor-lightbox-title=\"Region-\u0141\u00f3dzki-01\" data-e-action-hash=\"#elementor-action%3Aaction%3Dlightbox%26settings%3DeyJpZCI6MTgwMTIsInVybCI6Imh0dHBzOlwvXC90b21hc3pkb21hbnNraS5ldVwvZW5cL3dwLWNvbnRlbnRcL3VwbG9hZHNcLzIwMjJcLzA1XC9SZWdpb24tTG9kemtpLTAxLmpwZyJ9\">\n\t\t\t\t\t\t\t<img decoding=\"async\" width=\"1024\" height=\"937\" src=\"https:\/\/tomaszdomanski.eu\/en\/wp-content\/uploads\/2022\/05\/Region-Lodzki-01-1024x937.jpg\" class=\"attachment-large size-large wp-image-18012\" alt=\"\" srcset=\"https:\/\/tomaszdomanski.eu\/en\/wp-content\/uploads\/2022\/05\/Region-Lodzki-01-1024x937.jpg 1024w, https:\/\/tomaszdomanski.eu\/en\/wp-content\/uploads\/2022\/05\/Region-Lodzki-01-300x275.jpg 300w, https:\/\/tomaszdomanski.eu\/en\/wp-content\/uploads\/2022\/05\/Region-Lodzki-01-768x703.jpg 768w, https:\/\/tomaszdomanski.eu\/en\/wp-content\/uploads\/2022\/05\/Region-Lodzki-01-1320x1208.jpg 1320w, https:\/\/tomaszdomanski.eu\/en\/wp-content\/uploads\/2022\/05\/Region-Lodzki-01.jpg 1474w\" sizes=\"(max-width: 1024px) 100vw, 1024px\" \/>\t\t\t\t\t\t\t\t<\/a>\n\t\t\t\t\t\t\t\t\t\t\t<figcaption class=\"widget-image-caption wp-caption-text\">Communes in the \u0141\u00f3d\u017a Voivodeship under the supervision of RIO in \u0141\u00f3d\u017a with branches in Sieradz, Skierniewice and Piotrk\u00f3w Trybunalski<\/figcaption>\n\t\t\t\t\t\t\t\t\t\t<\/figure>\n\t\t\t\t\t\t\t\t\t<\/div>\n\t\t\t\t<\/div>\n\t\t\t\t\t<\/div>\n\t\t<\/div>\n\t\t\t\t\t<\/div>\n\t\t<\/section>\n\t\t\t\t<section class=\"elementor-section elementor-top-section elementor-element elementor-element-e0ac050 elementor-section-stretched elementor-section-height-min-height elementor-section-boxed elementor-section-height-default elementor-section-items-middle\" data-id=\"e0ac050\" data-element_type=\"section\" data-e-type=\"section\" data-settings=\"{&quot;stretch_section&quot;:&quot;section-stretched&quot;,&quot;background_background&quot;:&quot;classic&quot;}\">\n\t\t\t\t\t\t\t<div class=\"elementor-background-overlay\"><\/div>\n\t\t\t\t\t\t\t<div class=\"elementor-container elementor-column-gap-default\">\n\t\t\t\t\t<div class=\"elementor-column elementor-col-100 elementor-top-column elementor-element elementor-element-711e0c9\" data-id=\"711e0c9\" data-element_type=\"column\" data-e-type=\"column\">\n\t\t\t<div class=\"elementor-widget-wrap elementor-element-populated\">\n\t\t\t\t\t\t<div class=\"elementor-element elementor-element-2676cb9 elementor-widget elementor-widget-text-editor\" data-id=\"2676cb9\" data-element_type=\"widget\" data-e-type=\"widget\" data-widget_type=\"text-editor.default\">\n\t\t\t\t<div class=\"elementor-widget-container\">\n\t\t\t\t\t\t\t\t\t<p>The principle of limited trust in relation to decision-makers in the area of collecting and spending public funds was empowered in the institution of French accounting chambers as early as in the 13th century. These organizations became the prototype for later similar institutional solutions in other European countries, including Poland.<\/p>\t\t\t\t\t\t\t\t<\/div>\n\t\t\t\t<\/div>\n\t\t\t\t<div class=\"elementor-element elementor-element-05f8814 elementor-widget elementor-widget-text-editor\" data-id=\"05f8814\" data-element_type=\"widget\" data-e-type=\"widget\" data-widget_type=\"text-editor.default\">\n\t\t\t\t<div class=\"elementor-widget-container\">\n\t\t\t\t\t\t\t\t\t<p><span style=\"color: #ffffff; font-size: 14pt;\">Ma\u0142gorzata Kwiatkowska<\/span><\/p>\t\t\t\t\t\t\t\t<\/div>\n\t\t\t\t<\/div>\n\t\t\t\t\t<\/div>\n\t\t<\/div>\n\t\t\t\t\t<\/div>\n\t\t<\/section>\n\t\t\t\t<section class=\"elementor-section elementor-top-section elementor-element elementor-element-3b26794 elementor-section-boxed elementor-section-height-default elementor-section-height-default\" data-id=\"3b26794\" data-element_type=\"section\" data-e-type=\"section\">\n\t\t\t\t\t\t<div class=\"elementor-container elementor-column-gap-default\">\n\t\t\t\t\t<div class=\"elementor-column elementor-col-50 elementor-top-column elementor-element elementor-element-fa42b66\" data-id=\"fa42b66\" data-element_type=\"column\" data-e-type=\"column\">\n\t\t\t<div class=\"elementor-widget-wrap elementor-element-populated\">\n\t\t\t\t\t\t<div class=\"elementor-element elementor-element-d14ad34 elementor-widget elementor-widget-heading\" data-id=\"d14ad34\" data-element_type=\"widget\" data-e-type=\"widget\" data-widget_type=\"heading.default\">\n\t\t\t\t<div class=\"elementor-widget-container\">\n\t\t\t\t\t<h3 class=\"elementor-heading-title elementor-size-default\">Scope of work performed<\/h3>\t\t\t\t<\/div>\n\t\t\t\t<\/div>\n\t\t\t\t<div class=\"elementor-element elementor-element-3cd61bf elementor-widget elementor-widget-text-editor\" data-id=\"3cd61bf\" data-element_type=\"widget\" data-e-type=\"widget\" data-widget_type=\"text-editor.default\">\n\t\t\t\t<div class=\"elementor-widget-container\">\n\t\t\t\t\t\t\t\t\t<p style=\"text-align: justify;\">Launching and developing the activity of RIO in \u0141\u00f3d\u017a was carried out in stages, over a period of several months, at the turn of 1993-1994. Subsequent tasks were performed simultaneously at the headquarters of RIO in \u0141\u00f3d\u017a (initiating and coordinating) and in its branch offices in Piotrk\u00f3w Trybunalski, Sieradz and Skierniewice. The following works were carried out at individual stages:<\/p><ul><li>The original organizational structure of RIO was designed;<\/li><li>The office spaces were renovated and adapted to the needs of RIO employees;<\/li><li>The administrative procedures and instructions for managing RIO documentation were developed;<\/li><li>The registers of resolutions, contracts, applications, reports and company archives were created;<\/li><li>The Chamber was equipped with appropriate office technology;<\/li><li>The IT network and individual computer workstations were launched;<\/li><li>The HR, financial and accounting documentation was prepared;<\/li><li>The statute and organizational regulations of RIO were developed.<\/li><\/ul><p style=\"text-align: justify;\">The first years of activity of the reborn local government were characterized by enthusiasm and striving to stabilize the new structures of the state as soon as possible. It had an undoubted influence on the creation and launching of this new state institution. Despite the lack of systemic continuation, in a relatively short time it was possible to create appropriate conditions for the \u0141\u00f3d\u017a RIO to perform its supervisory, control, analytical and training functions. One of the souvenirs from that pioneering period is my logotype, which serves the Chamber until now.<\/p>\t\t\t\t\t\t\t\t<\/div>\n\t\t\t\t<\/div>\n\t\t\t\t\t<\/div>\n\t\t<\/div>\n\t\t\t\t<div class=\"elementor-column elementor-col-50 elementor-top-column elementor-element elementor-element-06c4bc8\" data-id=\"06c4bc8\" data-element_type=\"column\" data-e-type=\"column\">\n\t\t\t<div class=\"elementor-widget-wrap elementor-element-populated\">\n\t\t\t\t\t\t<div class=\"elementor-element elementor-element-9090c3f elementor-widget elementor-widget-image\" data-id=\"9090c3f\" data-element_type=\"widget\" data-e-type=\"widget\" data-widget_type=\"image.default\">\n\t\t\t\t<div class=\"elementor-widget-container\">\n\t\t\t\t\t\t\t\t\t\t\t\t\t\t\t\t<a href=\"https:\/\/tomaszdomanski.eu\/wp-content\/uploads\/2021\/03\/Regulamin_org_RIO_w_Lodzi.pdf\" target=\"_blank\">\n\t\t\t\t\t\t\t<img decoding=\"async\" width=\"1200\" height=\"1685\" src=\"https:\/\/tomaszdomanski.eu\/en\/wp-content\/uploads\/2021\/03\/RIO-Lodz-Regulamin-str-1.jpg\" class=\"attachment-full size-full wp-image-4277\" alt=\"\" srcset=\"https:\/\/tomaszdomanski.eu\/en\/wp-content\/uploads\/2021\/03\/RIO-Lodz-Regulamin-str-1.jpg 1200w, https:\/\/tomaszdomanski.eu\/en\/wp-content\/uploads\/2021\/03\/RIO-Lodz-Regulamin-str-1-214x300.jpg 214w, https:\/\/tomaszdomanski.eu\/en\/wp-content\/uploads\/2021\/03\/RIO-Lodz-Regulamin-str-1-729x1024.jpg 729w, https:\/\/tomaszdomanski.eu\/en\/wp-content\/uploads\/2021\/03\/RIO-Lodz-Regulamin-str-1-768x1078.jpg 768w, https:\/\/tomaszdomanski.eu\/en\/wp-content\/uploads\/2021\/03\/RIO-Lodz-Regulamin-str-1-1094x1536.jpg 1094w\" sizes=\"(max-width: 1200px) 100vw, 1200px\" \/>\t\t\t\t\t\t\t\t<\/a>\n\t\t\t\t\t\t\t\t\t\t\t\t\t\t\t<\/div>\n\t\t\t\t<\/div>\n\t\t\t\t\t<\/div>\n\t\t<\/div>\n\t\t\t\t\t<\/div>\n\t\t<\/section>\n\t\t\t\t<section class=\"elementor-section elementor-top-section elementor-element elementor-element-228bc8a elementor-section-stretched elementor-section-boxed elementor-section-height-default elementor-section-height-default\" data-id=\"228bc8a\" data-element_type=\"section\" data-e-type=\"section\" data-settings=\"{&quot;stretch_section&quot;:&quot;section-stretched&quot;,&quot;background_background&quot;:&quot;classic&quot;}\">\n\t\t\t\t\t\t<div class=\"elementor-container elementor-column-gap-default\">\n\t\t\t\t\t<div class=\"elementor-column elementor-col-100 elementor-top-column elementor-element elementor-element-f9b2601\" data-id=\"f9b2601\" data-element_type=\"column\" data-e-type=\"column\">\n\t\t\t<div class=\"elementor-widget-wrap elementor-element-populated\">\n\t\t\t\t\t\t<div class=\"elementor-element elementor-element-bc2c9ce elementor-widget elementor-widget-image\" data-id=\"bc2c9ce\" data-element_type=\"widget\" data-e-type=\"widget\" data-widget_type=\"image.default\">\n\t\t\t\t<div class=\"elementor-widget-container\">\n\t\t\t\t\t\t\t\t\t\t\t\t<figure class=\"wp-caption\">\n\t\t\t\t\t\t\t\t\t\t<img decoding=\"async\" src=\"https:\/\/tomaszdomanski.eu\/en\/wp-content\/uploads\/elementor\/thumbs\/RIO-w-Lodzi-schemat-organizacyjny-EN-q5uevmdgwcfk2biarh7pifx8wta972ma1n1kah0jb0.jpg\" title=\"RIO w \u0141odzi schemat organizacyjny EN\" alt=\"RIO w \u0141odzi schemat organizacyjny EN\" loading=\"lazy\" \/>\t\t\t\t\t\t\t\t\t\t\t<figcaption class=\"widget-image-caption wp-caption-text\">Organizational chart of RIO in \u0141\u00f3d\u017a<\/figcaption>\n\t\t\t\t\t\t\t\t\t\t<\/figure>\n\t\t\t\t\t\t\t\t\t<\/div>\n\t\t\t\t<\/div>\n\t\t\t\t<div class=\"elementor-element elementor-element-941120d elementor-widget elementor-widget-text-editor\" data-id=\"941120d\" data-element_type=\"widget\" data-e-type=\"widget\" data-widget_type=\"text-editor.default\">\n\t\t\t\t<div class=\"elementor-widget-container\">\n\t\t\t\t\t\t\t\t\t<p style=\"text-align: center;\"><em><span style=\"font-size: 12pt;\">Source: <a href=\"http:\/\/www.bip.lodz.rio.gov.pl\/\" target=\"_blank\" rel=\"noopener\">www.bip.lodz.rio.gov.pl<\/a><\/span><\/em><\/p>\t\t\t\t\t\t\t\t<\/div>\n\t\t\t\t<\/div>\n\t\t\t\t\t<\/div>\n\t\t<\/div>\n\t\t\t\t\t<\/div>\n\t\t<\/section>\n\t\t\t\t<\/div>\n\t\t","protected":false},"excerpt":{"rendered":"<p>Creation of the Regional Accounting Chamber in \u0141\u00f3d\u017a Case study Regional accounting chambers were announced by the Act of March 8, 1990 on local government, but they were established only by the Act of October 7, 1992. In the following years, the activity of the chambers was also sanctioned in the Constitution of the Republic [&hellip;]<\/p>\n","protected":false},"author":1,"featured_media":0,"parent":0,"menu_order":0,"comment_status":"closed","ping_status":"closed","template":"","meta":{"ocean_post_layout":"","ocean_both_sidebars_style":"","ocean_both_sidebars_content_width":0,"ocean_both_sidebars_sidebars_width":0,"ocean_sidebar":"0","ocean_second_sidebar":"0","ocean_disable_margins":"enable","ocean_add_body_class":"","ocean_shortcode_before_top_bar":"","ocean_shortcode_after_top_bar":"","ocean_shortcode_before_header":"","ocean_shortcode_after_header":"","ocean_has_shortcode":"","ocean_shortcode_after_title":"","ocean_shortcode_before_footer_widgets":"","ocean_shortcode_after_footer_widgets":"","ocean_shortcode_before_footer_bottom":"","ocean_shortcode_after_footer_bottom":"","ocean_display_top_bar":"default","ocean_display_header":"default","ocean_header_style":"","ocean_center_header_left_menu":"0","ocean_custom_header_template":"0","ocean_custom_logo":0,"ocean_custom_retina_logo":0,"ocean_custom_logo_max_width":0,"ocean_custom_logo_tablet_max_width":0,"ocean_custom_logo_mobile_max_width":0,"ocean_custom_logo_max_height":0,"ocean_custom_logo_tablet_max_height":0,"ocean_custom_logo_mobile_max_height":0,"ocean_header_custom_menu":"0","ocean_menu_typo_font_family":"0","ocean_menu_typo_font_subset":"","ocean_menu_typo_font_size":0,"ocean_menu_typo_font_size_tablet":0,"ocean_menu_typo_font_size_mobile":0,"ocean_menu_typo_font_size_unit":"px","ocean_menu_typo_font_weight":"","ocean_menu_typo_font_weight_tablet":"","ocean_menu_typo_font_weight_mobile":"","ocean_menu_typo_transform":"","ocean_menu_typo_transform_tablet":"","ocean_menu_typo_transform_mobile":"","ocean_menu_typo_line_height":0,"ocean_menu_typo_line_height_tablet":0,"ocean_menu_typo_line_height_mobile":0,"ocean_menu_typo_line_height_unit":"","ocean_menu_typo_spacing":0,"ocean_menu_typo_spacing_tablet":0,"ocean_menu_typo_spacing_mobile":0,"ocean_menu_typo_spacing_unit":"","ocean_menu_link_color":"","ocean_menu_link_color_hover":"","ocean_menu_link_color_active":"","ocean_menu_link_background":"","ocean_menu_link_hover_background":"","ocean_menu_link_active_background":"","ocean_menu_social_links_bg":"","ocean_menu_social_hover_links_bg":"","ocean_menu_social_links_color":"","ocean_menu_social_hover_links_color":"","ocean_disable_title":"default","ocean_disable_heading":"default","ocean_post_title":"Portfolio","ocean_post_subheading":"","ocean_post_title_style":"background-image","ocean_post_title_background_color":"","ocean_post_title_background":5728,"ocean_post_title_bg_image_position":"top center","ocean_post_title_bg_image_attachment":"fixed","ocean_post_title_bg_image_repeat":"no-repeat","ocean_post_title_bg_image_size":"cover","ocean_post_title_height":0,"ocean_post_title_bg_overlay":0.5,"ocean_post_title_bg_overlay_color":"","ocean_disable_breadcrumbs":"default","ocean_breadcrumbs_color":"","ocean_breadcrumbs_separator_color":"","ocean_breadcrumbs_links_color":"","ocean_breadcrumbs_links_hover_color":"","ocean_display_footer_widgets":"default","ocean_display_footer_bottom":"default","ocean_custom_footer_template":"0","footnotes":""},"class_list":["post-4002","page","type-page","status-publish","hentry","entry"],"_links":{"self":[{"href":"https:\/\/tomaszdomanski.eu\/en\/wp-json\/wp\/v2\/pages\/4002","targetHints":{"allow":["GET"]}}],"collection":[{"href":"https:\/\/tomaszdomanski.eu\/en\/wp-json\/wp\/v2\/pages"}],"about":[{"href":"https:\/\/tomaszdomanski.eu\/en\/wp-json\/wp\/v2\/types\/page"}],"author":[{"embeddable":true,"href":"https:\/\/tomaszdomanski.eu\/en\/wp-json\/wp\/v2\/users\/1"}],"replies":[{"embeddable":true,"href":"https:\/\/tomaszdomanski.eu\/en\/wp-json\/wp\/v2\/comments?post=4002"}],"version-history":[{"count":691,"href":"https:\/\/tomaszdomanski.eu\/en\/wp-json\/wp\/v2\/pages\/4002\/revisions"}],"predecessor-version":[{"id":19935,"href":"https:\/\/tomaszdomanski.eu\/en\/wp-json\/wp\/v2\/pages\/4002\/revisions\/19935"}],"wp:attachment":[{"href":"https:\/\/tomaszdomanski.eu\/en\/wp-json\/wp\/v2\/media?parent=4002"}],"curies":[{"name":"wp","href":"https:\/\/api.w.org\/{rel}","templated":true}]}}